{"id":2,"date":"2019-02-14T13:46:13","date_gmt":"2019-02-14T12:46:13","guid":{"rendered":"https:\/\/masterinfodroit.lacl.fr\/?page_id=2"},"modified":"2021-04-23T20:34:15","modified_gmt":"2021-04-23T18:34:15","slug":"page-d-exemple","status":"publish","type":"page","link":"https:\/\/masterinfodroit.lacl.fr\/?page_id=2","title":{"rendered":"Enseignants"},"content":{"rendered":"\n<ul class=\"wp-block-list\"><li><a href=\"https:\/\/univ-droit.fr\/universitaires\/11055-altwegg-boussac-manon\">Manon Altwegg-Boussac<\/a>\u00a0: Professeur de droit public \u00e0 l&rsquo;UPEC &#8211;\u00a0<a href=\"http:\/\/droit.u-pec.fr\/\">Facult\u00e9 de Droit<\/a><\/li><li><a href=\"http:\/\/www.lacl.fr\/cegielski\/\">Patrick C\u00e9gielski<\/a>\u00a0: Professeur des universit\u00e9s (Informatique) \u00e0 l&rsquo;UPEC &#8211;\u00a0<a href=\"http:\/\/www.iutsf.u-pec.fr\/\">IUT de S\u00e9nart-Fontainebleau<\/a>, Directeur adjoint de l&rsquo;IUT (en charge de la recherche)<\/li><li><a href=\"http:\/\/www.lacl.fr\/cervelle\/\">Julien Cervelle<\/a>\u00a0: Professeur des universit\u00e9s (Informatique) \u00e0 l&rsquo;UPEC &#8211;\u00a0<a href=\"http:\/\/sciences-tech.u-pec.fr\/\">Facult\u00e9 des Sciences et Technologie<\/a>, Directeur du\u00a0<a href=\"http:\/\/www.lacl.fr\/fr\/\">LACL<\/a>, Professeur charg\u00e9 de cours \u00e0 l&rsquo;<a href=\"https:\/\/www.polytechnique.edu\/\">\u00c9cole Polytechnique<\/a>\u00a0jusqu&rsquo;en 2018<\/li><li><a href=\"https:\/\/www.linkedin.com\/in\/avocatparisych\/\">Ya\u00ebl Cohen-Hadria<\/a>\u00a0: avocate au cabinet\u00a0<a href=\"https:\/\/www.ych-avocats.fr\/\">Marvell &#8211; avocats<\/a><\/li><li><a href=\"https:\/\/www.linkedin.com\/in\/claire-cuvelier-782ba2119\/\">Claire Cuvelier<\/a>\u00a0: ma\u00eetre de conf\u00e9rences \u00e0 l&rsquo;UPEC &#8211;\u00a0<a href=\"http:\/\/www.iutsf.u-pec.fr\/\">IUT de S\u00e9nart-Fontainebleau<\/a><\/li><li><a href=\"https:\/\/www.linkedin.com\/in\/cyril-dahan-82497913\/\">Cyril Dahan<\/a>\u00a0: avocat \u00e0 la Cour<\/li><li><a href=\"https:\/\/www.linkedin.com\/in\/jmferrieres\/\">Jean-Marie Ferri\u00e8res<\/a>\u00a0: Consultant en Syst\u00e8mes d&rsquo;Information, expert judiciaire en informatique pr\u00e8s la Cour d&rsquo;appel de Paris<\/li><li><a href=\"https:\/\/www.linkedin.com\/in\/ma%C3%AFt%C3%A9-guillemain-7b1519a8\/\">Ma\u00eft\u00e9 Guillemain<\/a>\u00a0: Ma\u00eetre de conf\u00e9rences en Droit priv\u00e9 \u00e0 l&rsquo;UPEC &#8211;\u00a0<a href=\"http:\/\/www.iutsf.u-pec.fr\/\">IUT de S\u00e9nart-Fontainebleau<\/a><\/li><li><a href=\"https:\/\/www.linkedin.com\/in\/joelle-harel-80174610\/\">Jo\u00eblle Harel<\/a>\u00a0: enseignante d&rsquo;anglais \u00e0 l&rsquo;UPEC &#8211;\u00a0<a href=\"http:\/\/fseg.u-pec.fr\/\">UFR de Sciences \u00c9conomiques et de Gestion<\/a><\/li><li>Florent Madelaine,  Professeur des universit\u00e9s (Informatique) \u00e0 l&rsquo;UPEC &#8211;\u00a0<a href=\"http:\/\/www.iutsf.u-pec.fr\/\">IUT de S\u00e9nart-Fontainebleau<\/a>, responsable de l&rsquo;\u00e9quipe\u00a0<a href=\"http:\/\/www.lacl.fr\/fr\/lcp\/\">Logique, Calcul et Programmation<\/a>\u00a0du\u00a0<a href=\"http:\/\/www.lacl.fr\/fr\/\">LACL<\/a><\/li><li>David Michel, docteur en Informatique<\/li><li>Olivier Meier, Professeur des universit\u00e9s (Sc de gestion) \u00e0 l&rsquo;UPEC &#8211; IUT de S\u00e9nart-Fontainebleau, directeur de l&rsquo;<a href=\"http:\/\/www.observatoire-asap.org\">Observatoire Action Sociale et Action Publique<\/a><\/li><li><a href=\"https:\/\/www.linkedin.com\/in\/loik-moulinier-94b38a53\/\">Lo\u00efk Moulinier<\/a>, juriste chez BNP-Paribas<\/li><li><a href=\"https:\/\/www.linkedin.com\/in\/outmezguinesteve\/?originalSubdomain=fr\">Steve Outmezguine<\/a>, avocat<\/li><li>Luc Pellissier : Maitre de conf\u00e9rence en informatique \u00e0 l&rsquo;UPEC &#8211; Facult\u00e9 de droit<\/li><li><a href=\"http:\/\/www.lacl.fr\/semmak\/\">Farida Semmak<\/a>\u00a0: Ma\u00eetre de conf\u00e9rence d&rsquo;informatique \u00e0 l&rsquo;UPEC &#8211;\u00a0<a href=\"http:\/\/fseg.u-pec.fr\/accueil-fr\/faculte-de-sciences-economiques-et-de-gestion-accueil-805689.kjsp\">Facult\u00e9 des Sciences \u00c9conomiques et de Gestion<\/a><\/li><li><a href=\"http:\/\/tesson.julien.free.fr\/\">Julien Tesson<\/a>\u00a0: Ma\u00eetre de conf\u00e9rences d&rsquo;informatique \u00e0 l&rsquo;UPEC &#8211;\u00a0<a href=\"http:\/\/droit.u-pec.fr\/\">Facult\u00e9 de Droit<\/a><\/li><li><a href=\"http:\/\/lacl.univ-paris12.fr\/valarcher\/\">Pierre Valarcher<\/a>\u00a0: Professeur des universit\u00e9s (Informatique) \u00e0 l&rsquo;UPEC &#8211;\u00a0<a href=\"http:\/\/www.iutsf.u-pec.fr\/\">IUT de S\u00e9nart-Fontainebleau<\/a>, Directeur du master\u00a0<em>Droit du num\u00e9rique<\/em> de l&rsquo;UPEC, Directeur adjoint du\u00a0<a href=\"http:\/\/www.lacl.fr\/fr\/\">LACL<\/a><\/li><li><a href=\"https:\/\/dpc.hypotheses.org\/participants\/noe-wagener\">No\u00e9 Wagener<\/a>\u00a0: Professeur en Droit public \u00e0 l&rsquo;UPEC<\/li><\/ul>\n","protected":false},"excerpt":{"rendered":"<p>Manon Altwegg-Boussac\u00a0: Professeur de droit public \u00e0 l&rsquo;UPEC &#8211;\u00a0Facult\u00e9 de Droit Patrick C\u00e9gielski\u00a0: Professeur des universit\u00e9s (Informatique) \u00e0 l&rsquo;UPEC &#8211;\u00a0IUT de S\u00e9nart-Fontainebleau, Directeur adjoint de l&rsquo;IUT (en charge de la recherche) Julien Cervelle\u00a0: Professeur des universit\u00e9s (Informatique) \u00e0 l&rsquo;UPEC &#8211;\u00a0Facult\u00e9 des Sciences et Technologie, Directeur du\u00a0LACL, Professeur charg\u00e9 de cours \u00e0 l&rsquo;\u00c9cole Polytechnique\u00a0jusqu&rsquo;en 2018 Ya\u00ebl [&hellip;]<\/p>\n","protected":false},"author":1,"featured_media":0,"parent":0,"menu_order":0,"comment_status":"closed","ping_status":"open","template":"","meta":{"footnotes":""},"class_list":["post-2","page","type-page","status-publish","hentry"],"_links":{"self":[{"href":"https:\/\/masterinfodroit.lacl.fr\/index.php?rest_route=\/wp\/v2\/pages\/2","targetHints":{"allow":["GET"]}}],"collection":[{"href":"https:\/\/masterinfodroit.lacl.fr\/index.php?rest_route=\/wp\/v2\/pages"}],"about":[{"href":"https:\/\/masterinfodroit.lacl.fr\/index.php?rest_route=\/wp\/v2\/types\/page"}],"author":[{"embeddable":true,"href":"https:\/\/masterinfodroit.lacl.fr\/index.php?rest_route=\/wp\/v2\/users\/1"}],"replies":[{"embeddable":true,"href":"https:\/\/masterinfodroit.lacl.fr\/index.php?rest_route=%2Fwp%2Fv2%2Fcomments&post=2"}],"version-history":[{"count":6,"href":"https:\/\/masterinfodroit.lacl.fr\/index.php?rest_route=\/wp\/v2\/pages\/2\/revisions"}],"predecessor-version":[{"id":245,"href":"https:\/\/masterinfodroit.lacl.fr\/index.php?rest_route=\/wp\/v2\/pages\/2\/revisions\/245"}],"wp:attachment":[{"href":"https:\/\/masterinfodroit.lacl.fr\/index.php?rest_route=%2Fwp%2Fv2%2Fmedia&parent=2"}],"curies":[{"name":"wp","href":"https:\/\/api.w.org\/{rel}","templated":true}]}}